{"id":24,"date":"2019-07-23T09:22:14","date_gmt":"2019-07-23T09:22:14","guid":{"rendered":"http:\/\/www.hierontaturunen.fi\/?page_id=24"},"modified":"2022-12-01T12:58:28","modified_gmt":"2022-12-01T12:58:28","slug":"24-2","status":"publish","type":"page","link":"https:\/\/www.hierontaturunen.fi\/index.php\/24-2\/","title":{"rendered":"Yhteystiedot"},"content":{"rendered":"\n<h2 class=\"wp-block-heading\"><\/h2>\n\n\n\n<p>Klemetintie 12 a (vasen sis\u00e4\u00e4nk\u00e4ynti)<br>01690 Yl\u00e4st\u00f6, Vantaa<br>050 544 8365<br><a href=\"mailto:jenni@hierontaturunen.fi\">jenni@hierontaturunen.fi<\/a><br><br>Varaa aika soittamalla, tekstaamalla tai <strong><a rel=\"noreferrer noopener\" aria-label=\"nettiajanvarauksen kautta (avautuu uudessa v\u00e4lilehdess\u00e4)\" href=\"http:\/\/nettiaika.fi\/hierontaturunen#\/\" target=\"_blank\">nettiajanvarauksen kautta<\/a><\/strong> <\/p>\n\n\n\n<p>Pihalla on parkkitilaa. Pys\u00e4k\u00f6ith\u00e4n autosi autokatkoksen vieress\u00e4 olevalle vieraspaikalle. Kadun varressa on pys\u00e4k\u00f6intikielto. My\u00f6s bussipys\u00e4kit ovat l\u00e4hell\u00e4 (574, 614 ja 571)<\/p>\n\n\n\n<p>Hierontahuone on omassa rauhassa kotimme alakerrassa. Ty\u00f6kaverini Elli-koira viihtyy my\u00f6s hoitotilassa. Rodultaan Elli on Bichon Fris\u00e9, joka harvemmin aiheuttaa oireita allergisille.<\/p>\n\n\n\n<figure class=\"wp-block-image\"><img loading=\"lazy\" decoding=\"async\" width=\"683\" height=\"1024\" src=\"https:\/\/www.hierontaturunen.fi\/wp-content\/uploads\/2019\/07\/DSC_6192-e1563969807268-683x1024.jpg\" alt=\"\" class=\"wp-image-53\" srcset=\"https:\/\/www.hierontaturunen.fi\/wp-content\/uploads\/2019\/07\/DSC_6192-e1563969807268-683x1024.jpg 683w, https:\/\/www.hierontaturunen.fi\/wp-content\/uploads\/2019\/07\/DSC_6192-e1563969807268-200x300.jpg 200w, https:\/\/www.hierontaturunen.fi\/wp-content\/uploads\/2019\/07\/DSC_6192-e1563969807268-768x1152.jpg 768w\" sizes=\"auto, (max-width: 683px) 100vw, 683px\" \/><\/figure>\n\n\n\n<p>Tmi Jenni Turunen<br>Y-tunnus:  2993037-5<\/p>\n","protected":false},"excerpt":{"rendered":"<p>Klemetintie 12 a (vasen sis\u00e4\u00e4nk\u00e4ynti)01690 Yl\u00e4st\u00f6, Vantaa050 544 8365jenni@hierontaturunen.fi Varaa aika soittamalla, tekstaamalla tai nettiajanvarauksen kautta Pihalla on parkkitilaa. Pys\u00e4k\u00f6ith\u00e4n autosi autokatkoksen vieress\u00e4 olevalle vieraspaikalle. Kadun varressa on pys\u00e4k\u00f6intikielto. My\u00f6s bussipys\u00e4kit ovat l\u00e4hell\u00e4 (574, 614 ja 571) Hierontahuone on omassa rauhassa kotimme alakerrassa. Ty\u00f6kaverini Elli-koira viihtyy my\u00f6s hoitotilassa. Rodultaan Elli on Bichon Fris\u00e9, joka harvemmin &hellip; <\/p>\n<p class=\"link-more\"><a href=\"https:\/\/www.hierontaturunen.fi\/index.php\/24-2\/\" class=\"more-link\">Jatka lukemista<span class=\"screen-reader-text\"> &#8221;Yhteystiedot&#8221;<\/span><\/a><\/p>\n","protected":false},"author":1,"featured_media":0,"parent":0,"menu_order":0,"comment_status":"closed","ping_status":"closed","template":"","meta":{"footnotes":""},"class_list":["post-24","page","type-page","status-publish","hentry"],"_links":{"self":[{"href":"https:\/\/www.hierontaturunen.fi\/index.php\/wp-json\/wp\/v2\/pages\/24","targetHints":{"allow":["GET"]}}],"collection":[{"href":"https:\/\/www.hierontaturunen.fi\/index.php\/wp-json\/wp\/v2\/pages"}],"about":[{"href":"https:\/\/www.hierontaturunen.fi\/index.php\/wp-json\/wp\/v2\/types\/page"}],"author":[{"embeddable":true,"href":"https:\/\/www.hierontaturunen.fi\/index.php\/wp-json\/wp\/v2\/users\/1"}],"replies":[{"embeddable":true,"href":"https:\/\/www.hierontaturunen.fi\/index.php\/wp-json\/wp\/v2\/comments?post=24"}],"version-history":[{"count":18,"href":"https:\/\/www.hierontaturunen.fi\/index.php\/wp-json\/wp\/v2\/pages\/24\/revisions"}],"predecessor-version":[{"id":179,"href":"https:\/\/www.hierontaturunen.fi\/index.php\/wp-json\/wp\/v2\/pages\/24\/revisions\/179"}],"wp:attachment":[{"href":"https:\/\/www.hierontaturunen.fi\/index.php\/wp-json\/wp\/v2\/media?parent=24"}],"curies":[{"name":"wp","href":"https:\/\/api.w.org\/{rel}","templated":true}]}}